{"id":1101,"date":"2021-05-08T17:48:38","date_gmt":"2021-05-08T17:48:38","guid":{"rendered":"https:\/\/1918local.eu\/?page_id=1101"},"modified":"2023-03-13T13:01:21","modified_gmt":"2023-03-13T13:01:21","slug":"seminars","status":"publish","type":"page","link":"https:\/\/1918local.eu\/sr-sp\/seminars\/","title":{"rendered":"PROJECT SEMINARS"},"content":{"rendered":"\n<h3 style=\"text-align: center;\"><strong>Discussion of papers<br \/>with ERC team members<\/strong><\/h3>\n<p>\u00a0<\/p>\n<h2><strong>2023<\/strong><\/h2>\n<p>\u00a0<\/p>\n<p><strong>27<\/strong><strong>\/02\/2023<\/strong><\/p>\n<ul>\n<li>\n<p>ERC Seminar Series 3. \/ Sara Silverstein: A Public Health Entente: Transnational Public Health in Post-Imperial Europe.<\/p>\n<\/li>\n<\/ul>\n<p><strong>01<\/strong><strong>\/02\/2023<\/strong><\/p>\n<ul>\n<li>ERC Seminar Series 2. \/ Maeva Berghmans: Towards a Czechoslovak Nation: Victimhood as Identity, preceded by a brief organizational meeting.<\/li>\n<\/ul>\n<p><strong>24<\/strong><strong>\/01\/2023<\/strong><\/p>\n<ul>\n<li>Nepostrans organizational meeting.<\/li>\n<\/ul>\n<p>\u00a0<\/p>\n<h2><strong>2022<\/strong><\/h2>\n<p>\u00a0<\/p>\n<p><strong>20<\/strong><strong>\/12\/2022<\/strong><\/p>\n<ul>\n<li>Nepostrans organizational meeting.<\/li>\n<\/ul>\n<p><strong>05<\/strong><strong>\/12\/2022<\/strong><\/p>\n<ul>\n<li>ERC Seminar Series 1. \/ Nepostrans seminar series inaugural event. Natasha Wheatley: The Life and Death of States: The Habsburg Empire and the Transformation of Modern Sovereignty.<\/li>\n<\/ul>\n<p><strong>04<\/strong><strong>\/10\/2022<\/strong><\/p>\n<ul>\n<li>Nepostrans organizational meeting.<\/li>\n<\/ul>\n<p><strong>10<\/strong><strong>\/05\/2022<\/strong><\/p>\n<ul>\n<li>Discussing the text Gergely Romsics, <em>Myth and Remembrance: The Dissolution of the Habsburg Empire in the Memoir Literature of the Austro-Hungarian Political Elite<\/em> (Boulder, CO: Social Science Monographs, 2006), 53\u201379; 89\u2013100; 104\u2013138.<\/li>\n<\/ul>\n<p><strong>03<\/strong><strong>\/05\/2022<\/strong><\/p>\n<ul>\n<li>Discussing the text &#8220;The Discourse Studies Reader: An Introduction,&#8221; in <em>The Discourse Studies Reader: Main Currents in Theory and Analysis<\/em>, edited by Johannes Angermuller et al. (Amsterdam: John Benjamins, 2014), 1\u201315.<\/li>\n<\/ul>\n<p><strong>24\/02\/2022<\/strong><\/p>\n<ul>\n<li>Discussing Ivan Jeli\u010di\u0107&#8217;s\u00a0<em>Contemporary European History<\/em> article and other Nepostrans related issues.\u00a0<\/li>\n<\/ul>\n<p><strong>20\/01\/2022<\/strong><\/p>\n<ul>\n<li>ERC Nepostrans practical issues meeting on Zoom.<\/li>\n<\/ul>\n<p>\u00a0<\/p>\n<h2><strong>2021<\/strong><\/h2>\n<p>\u00a0<\/p>\n<p><strong>20\/12\/2022<\/strong><\/p>\n<ul>\n<li>ERC Nepostrans practical issues meeting on Zoom.<\/li>\n<\/ul>\n<p><strong>22\/11\/2021<\/strong><\/p>\n<ul>\n<li>ERC Nepostrans public seminar \/ Histoire crois\u00e9e of Military Cultures. Military Missions in East-Central Europe, (1914\u20131938). Visiting fellow Michal K\u0161i\u0148an (Slovak Academy of Science, Institute of Political History, Budapest) project proposal discussion with Tam\u00e1s R\u00e9v\u00e9sz (Research Center for Humanities, Budapest) and Ji\u0159\u00ed Hute\u010dka (University of Hradec Kr\u00e1lov\u00e9) on Zoom and in-person.<\/li>\n<\/ul>\n<p><strong>28-29\/06\/2021<\/strong><\/p>\n<ul>\n<li>Budapest, ERC Workshop for work-package Ethnicity.<\/li>\n<\/ul>\n<p><strong>10\/06\/2021<\/strong><\/p>\n<ul>\n<li>G\u00e1bor Egry, <em>Beyond politics. National indifference as everyday ethnicity<\/em>, 145-160, in Maarten van Ginderachter and Jon Fox (edited by), <em>National indifference and the History of Nationalism in Modern Europe<\/em>, Routledge, 2020.\u00a0<\/li>\n<\/ul>\n<p><strong>27\/05\/2021<\/strong><\/p>\n<ul>\n<li>Brendan Karch, <em>Instrumental nationalism in Upper Silesia<\/em>, 180-203, in Maarten van Ginderachter and Jon Fox (edited by), <em>National indifference and the History of Nationalism in Modern Europe<\/em>, Routledge, 2020.<\/li>\n<\/ul>\n<p><strong>06\/05\/2021<\/strong><\/p>\n<ul>\n<li>Wolfgang G\u00f6derle, <em>Postwar: The Social Transformation of Empire In 19<sup>th<\/sup> Century Europe. Scientific Knowledge, Hybridity and The Legitimacy of Imperial Rule<\/em>, in \u201cActa Histrae\u201d, 2020, n.4, 511-540.<\/li>\n<\/ul>\n<p><strong>22<\/strong><strong>\/04\/2021<\/strong><\/p>\n<ul>\n<li>G\u00e1bor Egry, <em>The Empire\u2019s New Clothes. How Austria-Hungary\u2019s Legacy Kept the Successor States Running<\/em>, draft for the Austrian Studies Lecture of the Leiden Austrian Studies Centre.<\/li>\n<\/ul>\n<p><strong>07\/04\/2021<\/strong><\/p>\n<ul>\n<li>Andreas Stynen, Maarten Van Ginderachter, Xos\u00e9 Manoel N\u00fa\u00f1ez Seixas, <em>Introduction: emotions and everyday nationalism in modern European history<\/em>, 1-15;<\/li>\n<li>Wiktor Marzec, <em>Performing and remembering personal nationalism among workers in late Russian Poland<\/em>, 84-106;<\/li>\n<li>Thomas Blanck, <em>In search of the true Italy: emotional practices and the nation in Fiume 1919\/1920<\/em>, 107-133;<\/li>\n<li>Xos\u00e9 M. N\u00fa\u00f1ez Seixas, Maarten Van Ginderachter and Andreas Stynen<em>, Conclusions: national(ized) emotions from below<\/em>, 205-209 in Andreas Stynen, Maarten Van Ginderachter, Xos\u00e9 Manoel N\u00fa\u00f1ez Seixas (edited by), <em>Emotions and Everyday Nationalism in Modern European History<\/em>, Routledge, 2020.<\/li>\n<\/ul>\n<p><strong>24\/<\/strong><strong>03\/2021<\/strong><\/p>\n<ul>\n<li>Elisabeth Haid, <em>The Reconfiguration of Borders: Consequences of Nation-State Building in the Galician-Bukovinian Border Region<\/em>, paper for the presentation at the ESSHC 2021 Conference.<\/li>\n<\/ul>\n<p><strong>10\/03\/2021<\/strong><\/p>\n<ul>\n<li>Rogers Brubaker and Frederick Cooper, <em>Beyond \u201cIdentity\u201d<\/em>, pp. 28-63, in R. Brubaker, <em>Ethnicity without Groups<\/em>, Harvard University Press, Cambridge, Massachusetts, and London, England, 2004.<\/li>\n<\/ul>\n<p><strong>24\/02\/2021<\/strong><\/p>\n<ul>\n<li>S\u00e9gol\u00e8ne Plyer, <em>Ethnicity and the State. Some Reflections to Contribute to the Discussion<\/em>, text for discussing the work package 4.\u00a0<\/li>\n<li>Stuart Hall, \u201cThe Spectacle of the Other\u201d, 234-238; Pope Francis, encyclical \u201cFratelli tutti\u201d, chapters 3 and 4, and<\/li>\n<li>J. Feichtinger and Gary B. Cohen, Introduction, in ID, <em>Understanding Multiculturalism<\/em>, Berghahn 2014.<\/li>\n<\/ul>\n<p><strong>12\/02\/2021<\/strong><\/p>\n<ul>\n<li>Sini\u0161a Male\u0161evi\u0107<em>,<\/em><em> Introduction<\/em>, 1-20, and <em>Gounded Nationalism and the Sociology of the Long Run<\/em>, 40-69, in ID, <em>Grounded Nationalism: A Sociological Analysis<\/em>, Cambridge University Press, 2019.<\/li>\n<\/ul>\n<p><strong>27\/01\/2021<\/strong><\/p>\n<ul>\n<li>Christian Karner, <em>Nationalism Revisited: Austrian Social Closure from Romanticism to the Digital Age<\/em>, Berghahn, New York\u2013Oxford, 2020, with particular focus on chapter 3.<\/li>\n<\/ul>\n<p><strong>13\/01\/2021<\/strong><\/p>\n<ul>\n<li>Zs\u00f3fia K\u00f6k\u00e9nyessy, PhD research topic presentation on <em>Cultural heritage and identity(ies) of the Hungarian Greek Catholics and their receptions and changes in the 20th-century Hungary<\/em><\/li>\n<\/ul>\n<p><strong>06\/01\/2021<\/strong><\/p>\n<ul>\n<li>Oliver Peji\u0107, PhD research topic presentation on <em>Post-imperial transitions and the popular reception of nationalist mobilization in the formerly Habsburg provinces of interwar Yugoslavia<\/em>.<\/li>\n<\/ul>\n<p>\u00a0<\/p>\n<h2><strong>2020<\/strong><\/h2>\n<p>\u00a0<\/p>\n<p><strong>24\/06\/2020<\/strong><\/p>\n<ul>\n<li>Final discussion on the position paper for <em>Elites and Challengers.<\/em><\/li>\n<\/ul>\n<p><strong>10\/06\/2020<\/strong><\/p>\n<ul>\n<li>K\u00e1roly Ign\u00e1cz, <em>The Emergence of the \u201cOutskirts of Budapest\u201d as a<\/em> <em>New <\/em><em>Administrative District through Food Supply, 1917\u20131919<\/em> (article draft), and Ivan Jeli\u010di\u0107, <em>Ensure normal administrative order and population greater comfort?<\/em> (article draft).<\/li>\n<\/ul>\n<p><strong>03\/06\/2020<\/strong><\/p>\n<ul>\n<li>Francesco Magno, <em>Law and Justice in Greater Romania. State-Building, <\/em><em>Nationalism, Regionalism (1918\u20131928)<\/em> (working paper).<\/li>\n<\/ul>\n<p><strong>27\/05\/2020<\/strong><\/p>\n<ul>\n<li>Elisabeth Haid, <em>From Monarchy to Republic: Democratization and Its Limits in <\/em><em>Eastern Galicia<\/em> (article draft).<\/li>\n<\/ul>\n<p><strong>20\/05\/2020<\/strong><\/p>\n<ul>\n<li>G\u00e1bor Egry, <em>Fallen between two stools? Imperial legacies, state-society <\/em><em>relationship and the limits of nation-state building in post-WWI Romania<\/em> and <em>The Leftover <\/em><em>Empire? Imperial Legacies and Statehood in Successor States of Austria-Hungary<\/em> (article drafts).<\/li>\n<\/ul>\n<p><strong>13\/05\/2020<\/strong><\/p>\n<ul>\n<li>David Petruccelli, <em>Banknotes from the Underground: Counterfeiting and the <\/em><em>International Order in Interwar Europe<\/em>, in Journal of Contemporary History, Vol. 51, No. 3, July 2016, pp. 507-530.<\/li>\n<\/ul>\n<p><strong>06\/05\/2020<\/strong><\/p>\n<ul>\n<li>Andreas Resch, <em>Under Pressure to Adapt: Corporate Business and the New Order <\/em><em>in post-1918 Central Europe<\/em>, pp. 336-369 and Peter Berger, <em>Wealth, Poverty and Institutions <\/em><em>in the Habsburg Empire\u2019s Successor States (1918-1929)<\/em>, pp. 370-398 in Gunter Bischof, Fritz Plasser and Peter Berger, <em>From Empire to Republic. Post-World War I Austria, University of <\/em><em>New Orleans Press<\/em>, 2010.<\/li>\n<\/ul>\n<p><strong>29\/04\/2020<\/strong><\/p>\n<ul>\n<li>Ivan Jeli\u010di\u0107, <em>The role of locals in the Italianization of Volosca-Abbazia<\/em> (article draft).<\/li>\n<\/ul>\n<p><strong>22\/04\/2020<\/strong><\/p>\n<ul>\n<li>Max-Stephan Schulze and Nikolaus Wolf, <em>Economic nationalism and economic <\/em><em>integration: the Austro-Hungarian Empire in the late nineteenth century,<\/em> in \u201cThe Economic History Review\u201d, No. 2, 65, 2012, pp. 652-673.<\/li>\n<\/ul>\n<p><strong>15\/04\/2020<\/strong><\/p>\n<ul>\n<li>Stephan Berger and Thomas Fetzer, <em>Introduction<\/em>, pp. 1-20 and Sergiu Delcea, <em>Pro-Urban Welfare in an Agricultural Country? Economic Nationalism and Welfare Regime <\/em><em>Problems of Fit: Lessons from Interwar Romania<\/em>, pp.139-161 in Stephan Berger and Thomas Fetzer (ed.), <em>Nationalism and the Economy. Explorations into a Neglected Relationship<\/em>, Central European University Press, 2019.<\/li>\n<\/ul>\n<p><strong>08\/04\/2020<\/strong><\/p>\n<ul>\n<li>Christopher Wendt, <em>1918: End and New Beginning or Transition? Imperial <\/em><em>Continuities After the Collapse of the Habsburg Empire in North Tyrol<\/em> (paper draft).<\/li>\n<\/ul>\n<p><strong>01\/04\/2020<\/strong><\/p>\n<ul>\n<li>Jernej Kosi, <em>Josip Benko (1889\u20131945) and Laszlo Szapary (1864\u20131939) in Vienna <\/em>(discussion draft title)<\/li>\n<li>G\u00e1bor Egry, <em>Work package Elites \u2013 Southern Banat<\/em> (discussion draft title).<\/li>\n<\/ul>\n<p><strong>25\/03\/2020<\/strong><\/p>\n<ul>\n<li>G\u00e1bor Demeter and R\u00f3bert Bagdi, <em>Tracing the Transforming Urban Elite <\/em>and <em>Methods to Analyze Spatial Patterns, Social Composition <\/em>and<em> Wealth Based on Census Data <\/em><em>(Northeast-Hungary, 1870)<\/em>, in \u201cGIStorical Studies\u201d, N. 1, 2018, 1-23;<\/li>\n<li>G\u00e1bor Demeter, J\u00e1nos P\u00e9nzes and Zsolt Radics, <em>The Effect of Geopolitics on Regional Development: Did <\/em><em>Changing Borders Influence the Regional Development Level in Central-Europe Between <\/em><em>1920-1940?<\/em>, in \u201cGIStorical Studies\u201d, N. 2, 2018, 1-10.<\/li>\n<\/ul>\n<p><strong>18\/03\/2020<\/strong><\/p>\n<ul>\n<li>David F. Good, <em>The state and economic development in Central and Eastern <\/em><em>Europe<\/em>, 133\u2013158, in Teichov\u00e1, Alice, and Herbert Matis (ed.),\u00a0<em>Nation, State and the Economy <\/em><em>in History<\/em>. Cambridge: Cambridge University Press, 2003.<\/li>\n<\/ul>\n<p><strong>11\/03\/2020<\/strong><\/p>\n<ul>\n<li>Stephen G. Gross, <em>Introduction: The foundation of soft power and informal <\/em><em>empire<\/em>, 1-23, Chapter 1: <em>The legacy of Wilhelmine imperialism and the First World War, <\/em><em>1890-1920<\/em>, 27-67, and Chapter 2: <em>The economics of trade: building commercial networks in <\/em><em>Southeastern Europe, 1925-1930<\/em>, 68-106, in ID, <em>Export Empire. German Soft Power in <\/em><em>Southeastern Europe, 1890-1945<\/em>, Cambridge University Press, 2016.<\/li>\n<\/ul>\n<p><strong>04\/03\/2020<\/strong><\/p>\n<ul>\n<li>Barbara A. Misztal, <em>Configurations of Informality and Formality in Contemporary <\/em><em>Society<\/em>, 105-126, in Adriana Mica, Jan Winczorek, and Rafa\u0142 Wi\u015bniewski (eds.), <em>Sociologies <\/em><em>of Formality and Informality<\/em>, Peter Lang, 2015.<\/li>\n<\/ul>\n<p><strong>26\/02\/2020<\/strong><\/p>\n<ul>\n<li>Brendan Karch, <em>Plebiscites and Postwar legitimacy<\/em>, 16-37, in Roberta Pergher and Marcus Payk, <em>Beyond Versailles. Sovereignty, Legitimacy, and the Formation of New <\/em><em>Polities after the Great War<\/em>, Indiana University Press, 2019<\/li>\n<li>Volker Prott, <em>Revisiting the <\/em><em>Peace architecture<\/em>, 213-234, in ID, <em>Politics of Self-determination: Remaking Territories and <\/em><em>National Identities in Europe, 1917-1923<\/em>, Oxford University Press, 2016.<\/li>\n<\/ul>\n<p><strong>19\/02\/2020<\/strong><\/p>\n<ul>\n<li>Deborah Cohen, <em>Love and Money in the Informal Empire: British in Argentina, <\/em><em>1830-1930<\/em>, in \u201cPast and Present\u201d, N. 245, November 2019, 79-115.<\/li>\n<\/ul>\n<p><strong>12\/02\/2020<\/strong><\/p>\n<ul>\n<li>Adam Tooze, <em>Introduction, Reparations, The Great Deflation<\/em>, in ID, <em>The Deluge. <\/em><em>The Great War, America and the Remaking of the Global Order<\/em>, Viking, 2014.<\/li>\n<\/ul>\n<p><strong>05\/02\/2020<\/strong><\/p>\n<ul>\n<li>Daniel Brett, <em>Indifferent but Mobilized: Rural Politics during the Interwar Period <\/em><em>in Eastern and Western Europe<\/em>, in \u201cCentral Europe\u201d, 2019, 1-16.<\/li>\n<\/ul>\n<p><strong>24\/01\/2020<\/strong><\/p>\n<ul>\n<li>John-Paul A. Ghobrial, <em>Introduction: seeing the World like a Microhistorian<\/em>, pp. 1-22;<\/li>\n<li>Jan de Vries, <em>Playing with Scale: the Global and the Micro, the Macro and the Nano<\/em>, pp. 23-36;<\/li>\n<li>Giovanni Levi, <em>Frail Frontiers?<\/em>, pp. 37-49, in \u201cPast and Present\u201d (2019), Supplement 14.<\/li>\n<\/ul>\n<p>\u00a0<\/p>\n<h2><strong>2019<\/strong><\/h2>\n<p>\u00a0<\/p>\n<p><strong>10\/12\/2019<\/strong><\/p>\n<ul>\n<li>Lynn M. Tesser, <em>Identity, Contingency, and Interaction: Historical Research and <\/em><em>Social Science Analysis of Nation-State Proliferation<\/em>, in Nationalities Papers, Vol. 47, Issue 3, May 2019, 412-428.<\/li>\n<\/ul>\n<p><strong>03\/12\/2019<\/strong><\/p>\n<ul>\n<li>ERC Skype short organization meeting and discussion on <em>Guidelines for the <\/em><em>Workpackage: Elites.<\/em><\/li>\n<\/ul>\n<p><strong>19\/11\/2019<\/strong><\/p>\n<ul>\n<li>Discussion on the <em>Proposed working questions for the Workpackage: Elites and <\/em><em>challengers.<\/em><\/li>\n<\/ul>\n<p><strong>29\/10\/2019<\/strong><\/p>\n<ul>\n<li>Jacques Revel (translated by Arthur Goldhammer), <em>Microanalysis and the <\/em><em>Construction of the Social,<\/em> in Jacques Revel, and Lynn Hunt, <em>Histories: French Constructions <\/em><em>of the Past<\/em>, New Press, 1998, 492-502.<\/li>\n<\/ul>\n<p><strong>22\/10\/2019<\/strong><\/p>\n<ul>\n<li>Dina Gusejova, <em>Introduction, XX-XLVII, Shared horizons. The sentimental elite in <\/em><em>the Great War<\/em>, 37-65;<\/li>\n<li><em>Soft power. Pan-Europeanism after the Habsburgs<\/em>, 69-97, in ID, <em>European Elites and Ideas of Empire<\/em>, 1917-1957, Cambridge University Press, 2016.<\/li>\n<\/ul>\n<p><strong>15\/10\/2019<\/strong><\/p>\n<ul>\n<li>Charles Maier, <em>The Dimensions of Social Conflict at the End of World War I<\/em>, in ID, <em>Recasting Bourgeois Europe. Stabilization in France, Germany, and Italy in the Decade <\/em><em>after World War I<\/em>, Princeton University Press, revisited edition 2016, 19\u201387.<\/li>\n<\/ul>\n<p><strong>8\/10\/2019<\/strong><\/p>\n<ul>\n<li>Heinrich Best-Ursula Hoffmann-Lange, Challenged Elites \u2013 Elites as Challengers. Towards a Unified Theory of Representative Elites, in Historical Social Research, 43 (4), 7-32.<\/li>\n<\/ul>\n<p><strong>01\/10\/2019<\/strong><\/p>\n<ul>\n<li>Shamus Rahman Khan, <em>The Sociology of Elites<\/em>, in Annual Review of Sociology, 38, 2012, 361-377;<\/li>\n<li>Shamus Rahman Khan, <em>The Many Futures of \u00c9lites research. <\/em><em>A Comment on the Symposium<\/em>, in Sociologica, 2\/2016, 1-10;<\/li>\n<li>Philipp Korom, <em>Elites: <\/em><em>History of the Concept<\/em>, in International Encyclopedia of the Social &#038; Behavioral Sciences, 2 Edition, Volume 7, 390-395.<\/li>\n<\/ul>\n<p><strong>18\/09\/2019<\/strong><\/p>\n<ul>\n<li>Karl Manheim, <em>Social Causes of the Contemporary Crisis in Culture<\/em>, in ID, <em>Man and Society in an Age of Reconstruction<\/em>, London, 1960 (English translation)<\/li>\n<\/ul>\n<p><strong>11\/09\/2019<\/strong><\/p>\n<ul>\n<li>Tom Bottomore, <em>\u00c9lites and Society<\/em>, 1993 (second edition)<\/li>\n<\/ul>\n<p><strong>April\/2019<\/strong><\/p>\n<ul>\n<li>Alison Carrol, \u201cBorderland Politics\u201d, \u201cThe Border Landscape\u201d and \u201cConclusion\u201d, in ID, <em>The Return of Alsace to France, 1918-1939<\/em>, Oxford University Press, 2018.\u00a0<\/li>\n<li>Christopher Wendt, <em>Resisting<\/em><em> \u201cState-building from Below\u201d and Maintaining the Status Quo in Interwar Austrian Tyrol: The Innsbruck Hunger Riots of December 1919<\/em>, conference paper.\u00a0\u00a0<\/li>\n<\/ul>\n<p><strong>March\/2019<\/strong><\/p>\n<ul>\n<li>Michael Mann, \u201cThe rise of the modern state: III. Bureaucratization\u201d and \u201cThe rise of the modern state: IV. The expansion of civilian scope\u201d, in ID, <em>The Sources of Social Power, Volume II: The Rise of Classes and Nation-States, 1760\u20131914<\/em>, Cambridge University Press, 1993.\u00a0<\/li>\n<li>Bailey Stone, \u201cIntroduction. From Revolutionary Theory to Revolutionary Historiography: England, France, and Russia\u201d and \u201cConclusions. \u00abRevolutions from Below\u00bb and \u00abRevolutions from Above\u00bb\u201d, in ID, <em>The Anatomy of Revolution Revisited: A Comparative Analysis of England, France, and Russia<\/em>, Cambridge University Press, 2014.\u00a0<\/li>\n<li>Pieter Judson, \u201dWar and Radical State-Building, 1914-1925\u201d and \u201dEpilogue: The New Empires\u201d, in ID, <em>The Habsburg Empire. A New History<\/em>, Cambridge Massachusetts: the Belknap Press of Harvard University press, 2016.\u00a0<\/li>\n<\/ul>\n<p><strong>February\/2019<\/strong><\/p>\n<ul>\n<li>Giovanni Capoccia and R. Daniel Kelemen, The Study <em>Of Critical Junctures: Theory, Narrative, and Counterfactuals in Historical Institutionalism<\/em>, in \u201dWorld Politics\u201d, Volume 59, Issue 3, April 2007, 341-369.\u00a0\u00a0<\/li>\n<\/ul>\n<p><strong>January\/2019<\/strong><\/p>\n<ul>\n<li>G\u00e1bor Egry, \u201cUnruly borderlands: border-making, post-imperial spatial reconfiguration, (cumulative) peripheralization and layered regionalism in post-WWI Maramure\u0219 and Banat\u201c (in peer review).\u00a0<\/li>\n<li>Aradhana Sharma and Akhil Gupta, \u201cIntroduction: Rethinking Theories of the State in an Age of Globalization\u201c, in Aradhana Sharma and Akhil Gupta (edited by), <em>The Anthropology of the State. A Reader, Blackwell Publishing<\/em>, 2006, 1-41.<\/li>\n<\/ul>\n<p>\u00a0<\/p>\n<h2><strong>2018<\/strong><\/h2>\n<p>\u00a0<\/p>\n<p><strong>December\/2018<\/strong><\/p>\n<ul>\n<li>\u201cEuropean Review of History: Revue europ\u00e9enne d&#8217;histoire\u201c, Vol. 23, Issue 4, 2016, Articles of the section <em>Dossier<\/em><em>: <\/em><em>Transformations<\/em>.\u00a0<\/li>\n<li>Ota Konr\u00e1d, Two post-war paths: popular violence in theBohemian lands and in Austria in the aftermath of World War I, in \u201eNationalities Papers\u201c,\u00a0 Vol. 46, Issue 5, 2017, 1-17.\u00a0<\/li>\n<li>James Anderson, <em>From<\/em> <em>Empires<\/em><em> to <\/em><em>Ethno<\/em><em>-National <\/em><em>Conflicts<\/em><em>: A <\/em><em>framework<\/em><em> for <\/em><em>studying<\/em><em> \u201c<\/em><em>divided<\/em> <em>cities<\/em><em>\u201c <\/em><em>in<\/em><em> \u201c<\/em><em>Contested<\/em> <em>states<\/em><em>\u201c,<\/em> in \u201cDivided Cities \/ Contested States\u201c Working Paper No.1, 2008, 1-23.<\/li>\n<\/ul>\n<p><strong>November\/2018<\/strong><\/p>\n<ul>\n<li>John Deak and Jonathan E. Gumz, <em>How to Break a State: The Habsburg Monarchy\u2019s Internal War, 1914\u20131918<\/em>, in \u201eThe American Historical Review\u201d, October 2017.\u00a0<\/li>\n<\/ul>\n<p>\u00a0<\/p>\n","protected":false},"excerpt":{"rendered":"<p>Discussion of paperswith ERC team members \u00a0 2023 \u00a0 27\/02\/2023 ERC Seminar Series 3. \/ Sara Silverstein: A Public Health Entente: Transnational Public Health in Post-Imperial Europe. 01\/02\/2023 ERC Seminar Series 2. \/ Maeva Berghmans: Towards a Czechoslovak Nation: Victimhood as Identity, preceded by a brief organizational meeting. 24\/01\/2023 Nepostrans organizational meeting. \u00a0 2022 \u00a0 [&hellip;]<\/p>\n","protected":false},"author":2,"featured_media":0,"parent":0,"menu_order":0,"comment_status":"closed","ping_status":"closed","template":"","meta":{"_genesis_hide_title":false,"_genesis_hide_breadcrumbs":false,"_genesis_hide_singular_image":false,"_genesis_hide_footer_widgets":false,"_genesis_custom_body_class":"","_genesis_custom_post_class":"","_genesis_layout":""},"_links":{"self":[{"href":"https:\/\/1918local.eu\/sr-sp\/wp-json\/wp\/v2\/pages\/1101"}],"collection":[{"href":"https:\/\/1918local.eu\/sr-sp\/wp-json\/wp\/v2\/pages"}],"about":[{"href":"https:\/\/1918local.eu\/sr-sp\/wp-json\/wp\/v2\/types\/page"}],"author":[{"embeddable":true,"href":"https:\/\/1918local.eu\/sr-sp\/wp-json\/wp\/v2\/users\/2"}],"replies":[{"embeddable":true,"href":"https:\/\/1918local.eu\/sr-sp\/wp-json\/wp\/v2\/comments?post=1101"}],"version-history":[{"count":40,"href":"https:\/\/1918local.eu\/sr-sp\/wp-json\/wp\/v2\/pages\/1101\/revisions"}],"predecessor-version":[{"id":2059,"href":"https:\/\/1918local.eu\/sr-sp\/wp-json\/wp\/v2\/pages\/1101\/revisions\/2059"}],"wp:attachment":[{"href":"https:\/\/1918local.eu\/sr-sp\/wp-json\/wp\/v2\/media?parent=1101"}],"curies":[{"name":"wp","href":"https:\/\/api.w.org\/{rel}","templated":true}]}}