{"id":426,"date":"2018-10-26T13:29:07","date_gmt":"2018-10-26T13:29:07","guid":{"rendered":"http:\/\/1918local.eu\/?page_id=426"},"modified":"2022-10-03T12:27:22","modified_gmt":"2022-10-03T12:27:22","slug":"other","status":"publish","type":"page","link":"https:\/\/1918local.eu\/sr-sp\/other\/","title":{"rendered":"OTHER DISSEMINATION"},"content":{"rendered":"<p><span style=\"color: #ffffff;\">.<\/span><\/p>\n<h2>2022<\/h2>\n<p><span style=\"color: #ffffff;\">.<\/span><\/p>\n<p><strong>20-23 June 2022 \/ Uppsala, Sweden<br \/><a href=\"https:\/\/www.ruralhistory2021.se\/programme\/\">Rural History 2021 Conference<\/a><\/strong><br \/>Organizers: European Rural History Organisation (EURHO)<\/p>\n<ul>\n<li>Participants: Ivan Jeli\u010di\u0107, Jernej Kosi, Christopher Wendt<\/li>\n<\/ul>\n<p><span style=\"color: #ffffff;\">.<\/span><\/p>\n<h2>2021<\/h2>\n<p><span style=\"color: #ffffff;\">.<\/span><\/p>\n<p><strong>27 March 2021 \/ Leiden<\/strong><br \/><strong><a href=\"https:\/\/esshc.socialhistory.org\/conference\/programme\/2020?day=82&#038;time=219&#038;session=4562&#038;network=\" target=\"_blank\" rel=\"noopener\">Border Making and its Consequences after the First World War: the Habsburg Case<\/a><\/strong><br \/>ESSHC conference (online)<\/p>\n<ul>\n<li><strong>G\u00e1bor Egry:<\/strong> Unruly Borderlands: Border-making, Post-imperial Spatial Reconfiguration, (Cumulative) Peripheralization and Layered Regionalism in Post-WWI Maramure? and Banat<\/li>\n<li><strong>Elisabeth Haid:<\/strong> The Reconfiguration of Borders: Consequences of Nation-State Building in the Galician-Bukovinian Border Region<\/li>\n<\/ul>\n<p><span style=\"color: #ffffff;\">.<\/span><\/p>\n<p><strong>22 January 2021, Rijeka\u00a0<\/strong><br \/><a href=\"https:\/\/youtu.be\/o99PwYghH7M\" target=\"_blank\" rel=\"noopener\"><strong>Rijeka in Flux: What We Have Learned So Far Webinar<\/strong><\/a><\/p>\n<ul>\n<li><strong>Ivan Jeli\u010di\u0107:<\/strong> A brief presentation of his Spiegelungen article, as an aspect of post-war memory as part of the ERC Nepostrans research<\/li>\n<\/ul>\n<p><span style=\"color: #ffffff;\">.<\/span><\/p>\n<p><strong>21 January 2021, Rijeka<\/strong><br \/><strong>Rijeka as the European Capital of Culture: Identity, Narratives, and Challenges<\/strong><br \/>Online Symposium<\/p>\n<ul>\n<li>Participant: <strong>Ivan Jeli\u010di\u0107<\/strong><\/li>\n<\/ul>\n<p><span style=\"color: #ffffff;\">.<\/span><\/p>\n<p><strong>14 January 2021\u00a0<\/strong><br \/><a href=\"https:\/\/youtu.be\/lDJQ_rYOZsw\" target=\"_blank\" rel=\"noopener\"><strong>CAS SEE Weekly Seminar with Dominique Kirchner Reill<\/strong><\/a> (online)<\/p>\n<ul>\n<li>Participant: <strong>Ivan Jeli\u010di\u0107<\/strong><\/li>\n<\/ul>\n<p><span style=\"color: #ffffff;\">.<\/span><\/p>\n<p><strong>16 December 2020, Rijeka\u00a0<\/strong><br \/><strong>Rijeka 2020: memoryscapes<\/strong> (online conference)<br \/>Panel: Aspects and typologies of transitions from the Habsburg empire to nation-states (discussant: <strong>G\u00e1bor Egry<\/strong>)<\/p>\n<ul>\n<li><strong>Elisabeth Haid:<\/strong> From Eastern Galicia to Eastern Lesser Poland. Administrative changes and continuities<\/li>\n<li><strong>Anik\u00f3 Izs\u00e1k:<\/strong> Who holds the power? National Councils a nd local military forces in Satu Mare<\/li>\n<li><strong>Ivan Jeli\u010di\u0107:<\/strong> The Nation-State as an Obvious Option? Fiume\/Rijeka&#8217;s political alternatives<\/li>\n<li><strong>Jernej Kosi:<\/strong> Prekmurje: the 1918\/1919 revolution in the Hungarian\/Yugoslav rural periphery<\/li>\n<\/ul>\n<p><span style=\"color: #ffffff;\">.<\/span><\/p>\n<p><strong>2 December 2020, Leiden<\/strong>\u00a0<br \/><strong>Second Austrian Studies Lecture <br \/><\/strong>Organized by The Leiden Austrian Studies Centre (online)<\/p>\n<ul>\n<li><strong>G\u00e1bor Egry:<\/strong> The Empire&#8217;s New Clothes? How Austria-Hungary&#8217;s Legacy Kept the Successor States Running<\/li>\n<\/ul>\n<p><span style=\"color: #ffffff;\">.<\/span><\/p>\n<p><strong>25-27 November 2020, Vienna<\/strong><br \/><strong>Abschiedskonferenz des Doktoratskollegs Galizien und sein multikulturelles Erbe<br \/><\/strong>University or Vienna<\/p>\n<ul>\n<li><strong>Elisabeth Haid:<\/strong> Von Galizien zum \u00d6stlichen Kleinpolen: Kontinuit\u00e4ten und Reformen nach dem Ersten Weltkrieg<\/li>\n<\/ul>\n<p><span style=\"color: #ffffff;\">.<\/span><\/p>\n<p><strong>19-20 November 2020, Stockholm<\/strong><br \/><strong>Natural Resource Extraction in Late Habsburg Empire<\/strong><\/p>\n<ul>\n<li><strong>G\u00e1bor Egry:<\/strong> Get Out of Our Forest! Rural Societies, National Mobilization, State-building and Modern Forestry in Transylvania 1900\u20131940<\/li>\n<\/ul>\n<p><span style=\"color: #ffffff;\">.<\/span><\/p>\n<p><strong>15-17 November 2020, Gdansk<\/strong><br \/><strong>The Unwanted Compromise. The Free State of Danzig\/Gdansk <\/strong>International Conference<\/p>\n<ul>\n<li><strong>Ivan Jeli\u010di\u0107:<\/strong> For a Free State Before Rapallo: Advocating Alternatives to Nation-States in Fiume since 1918<\/li>\n<\/ul>\n<p><span style=\"color: #ffffff;\">.<\/span><\/p>\n<p><strong>15 November 2020 <\/strong><br \/><strong>ASEEES online convention<\/strong><br \/>Panel: Nationalism and Anxiety: Romanian and Hungarian Case Studies<\/p>\n<ul>\n<li><strong>G\u00e1bor Egry:<\/strong> Sz\u00e9kely Mo\u021bi and Mo\u021bi Sz\u00e9kely?: Entangled Development Policies and National Imaginaries in Early Twentieth Century Transylvania<\/li>\n<\/ul>\n<p><span style=\"color: #ffffff;\">.<\/span><\/p>\n<p><strong style=\"font-size: inherit;\">12 November 2020, Rijeka<\/strong><span style=\"font-size: inherit;\">\u00a0<br \/><\/span><a href=\"https:\/\/www.youtube.com\/watch?v=AzyTGEeJwZs&#038;feature=emb_title\" target=\"_blank\" rel=\"noopener\"><strong>100 Years of Free State of Rijeka<\/strong><\/a><br \/>International scientific conference (hybrid)<\/p>\n<ul>\n<li><strong>Ivan Jeli\u010di\u0107:<\/strong> For a free State before a free State: remarks on the autonomous-democratic party<\/li>\n<li><strong>\u00c1gnes Ordasi:<\/strong> Working in the service of the State?<\/li>\n<li><strong>G\u00e1bor Egry:<\/strong> How to climb through the Hungarian window into the world? Fiume\/Rijeka as a springboard for imperial biographies<\/li>\n<\/ul>\n<p><span style=\"color: #ffffff;\">.<\/span><\/p>\n<p><strong>7 October 2020, Klagenfurt <\/strong><br \/><a href=\"https:\/\/www.aau.at\/selbstbestimmung-als-utopie\/\" target=\"_blank\" rel=\"noopener\"><strong>Selbstbestimmung als Utopie? Volksabstimmungen 1920 im europ\u00e4ischen Vergleich<\/strong><\/a><br \/>Symposium und Podiumsdiskussion<\/p>\n<ul>\n<li><strong>G\u00e1bor Egry:<\/strong> Nationale Selbstbestimmung ohne Nationen? Das Ende des Ersten Weltkrieges und die neue Grenze in Westungarn<\/li>\n<\/ul>\n<p><span style=\"color: #ffffff;\">.<\/span><\/p>\n<p><strong>24-25 September 2020, Szeged<\/strong><br \/><strong>\u201eEllen\u00e1llni a gonosznak\u201d. Konferencia a 70. \u00e9ves Karsai L\u00e1szl\u00f3 tisztelet\u00e9re<\/strong> (online)<\/p>\n<ul>\n<li><strong>K\u00e1roly Ign\u00e1cz:<\/strong> Elections and the far-right in Kispest and Pestszenterzs\u00e9bet in 1939<\/li>\n<\/ul>\n<p><span style=\"color: #ffffff;\">.<\/span><\/p>\n<p><strong><span style=\"color: #ffffff;\">.<\/span>23-24 September 2020, Zagreb<\/strong><br \/><strong><a href=\"https:\/\/web2020.ffzg.unizg.hr\/wp-content\/uploads\/2020\/09\/IVELJIC-programska-2020-transitions-integralno.pdf\" target=\"_blank\" rel=\"noopener\">Transition out of Empires in Central and Eastern Europe<\/a><\/strong><br \/>International Conference (hybrid)<\/p>\n<ul>\n<li><strong>Jernej Kosi:<\/strong> \u201cTransition out of empire in central and southeastern Europe\u201d<\/li>\n<li><strong>Ivan Jeli\u010di\u0107:<\/strong> Persistence, Reconfiguration and Exclusion, the Political Elites in Fiume\/Rijeka and Liburnia from Austria-Hungary to Italy<\/li>\n<li><strong>G\u00e1bor Egry:<\/strong> he Empire that Kept Greater Romania Alive? Imperial Continuities and Differentiated Rule in Romania, 1919-1940<\/li>\n<\/ul>\n<p><span style=\"color: #ffffff;\">.<\/span><\/p>\n<p><strong>23 September 2020, Trieste <\/strong><br \/><strong><a href=\"https:\/\/www.units.it\/news\/litalia-e-la-jugoslavia-tra-le-due-guerre\" target=\"_blank\" rel=\"noopener\">L\u2019Italia e la Jugoslavia tra le due guerre<\/a><\/strong> <br \/>International Conference (online)<\/p>\n<ul>\n<li><strong>Ivan Jeli\u010di\u0107:<\/strong> Da centro croato a estremo limite dell\u2019italianit\u00e0. Il caso di Volosca-Abbazia<\/li>\n<\/ul>\n<p><span style=\"color: #ffffff;\">.<\/span><\/p>\n<p><strong>27-29 August 2020, P\u00e9cs<\/strong><br \/><strong>Hat\u00e1r, hat\u00e1rhelyzet, hat\u00e1r\u00e1tl\u00e9p\u00e9s<\/strong> (conference)<\/p>\n<ul>\n<li><strong>K\u00e1roly Ign\u00e1cz:<\/strong> A hat\u00e1rtalan \u201ev\u00f6r\u00f6s \u00f6vezet\u201d Budapest k\u00f6r\u00fcl<\/li>\n<li><strong>G\u00e1bor Egry:<\/strong> J\u00e1t\u00e9k hat\u00e1rokkal? Mindennapi etnicit\u00e1s, nemzeti k\u00f6z\u00f6mb\u00f6ss\u00e9g \u00e9s hat\u00e1rtermel\u00e9s (keynote)<\/li>\n<\/ul>\n<p><span style=\"color: #ffffff;\">.<\/span><\/p>\n<p><strong>1 March 2020, Budapest<\/strong><br \/><strong>Horthy Budapesten &#8211; Scientific conference<\/strong><\/p>\n<ul>\n<li><strong>K\u00e1roly Ign\u00e1cz:<\/strong> Annexation of Power by the Christian Party in Budapest \u2013 1920<\/li>\n<\/ul>\n<p><span style=\"color: #ffffff;\">.<\/span><\/p>\n<p><strong>30-31 January 2020, Frankfurt (Oder) \/ S\u0142ubice<\/strong><br \/><a href=\"https:\/\/www.hsozkult.de\/conferencereport\/id\/tagungsberichte-8759?language=en\" target=\"_blank\" rel=\"noopener\"><strong>Evakuation \u2013 R\u00fcckzug \u2013 Liquidierung. Praktiken der Verschiebung und Aufl\u00f6sung von Staaten im 20. Jahrhundert<\/strong><\/a>\u00a0(conference)<\/p>\n<ul>\n<li><strong>Elisabeth Haid:<\/strong> Title: R\u00fcckzug, Staatlichkeit und der Umgang mit Internierten in Ostgalizien w\u00e4hrend des Ersten Weltkriegs<\/li>\n<\/ul>\n<p><span style=\"color: #ffffff;\">.<\/span><\/p>\n<p><strong>18 december 2019, Trieste<\/strong><br \/><strong>Political cultures in the North Adriatic in the first half of the XX century<\/strong><\/p>\n<ul>\n<li><strong>Ivan Jeli\u010di\u0107:<\/strong> Adriatic socialism<\/li>\n<\/ul>\n<p><span style=\"color: #ffffff;\">.<\/span><\/p>\n<p><strong>4 december 2019, Trieste<\/strong><br \/><strong>Fiume, Un Fiume di storie fatti, problemi e parole dell\u2019Impresa fiumana (1919-1920)<\/strong><\/p>\n<ul>\n<li><strong>Ivan Jeli\u010di\u0107:<\/strong> Fiume and the local socialists (I socialisti fiumani e D\u2019Annunzio)<\/li>\n<\/ul>\n<p><span style=\"color: #ffffff;\">.<\/span><\/p>\n<p><strong>26 November 2019, Trieste<\/strong><br \/>Lecture for tourist guides<\/p>\n<ul>\n<li><strong>Ivan Jeli\u010di\u0107:<\/strong> The other side of Rijeka\u2019s golden age: the development of the socialist movement<\/li>\n<\/ul>\n<p><span style=\"color: #ffffff;\">.<\/span><\/p>\n<p><strong>23-26 November 2019, San Francisco<\/strong><br \/><strong>ASEEES convention conference<\/strong><br \/>Panel: Paris 1919 and the East-European Contested Borderlands<\/p>\n<ul>\n<li><strong>G\u00e1bor Egry:<\/strong> Made in Paris? Contested Regions and Political Regionalism during and after Peacemaking: Sz\u00e9kelyf\u00f6ld and the Banat in a Comparative Perspective<\/li>\n<\/ul>\n<p>\u00a0<\/p>\n<p><strong><a href=\"https:\/\/1918local.eu\/conference-report-krakow\/\">Conference Report, Krak\u00f3w<\/a><\/strong><\/p>\n<p>24-26 October 2019<\/p>\n<p>\u00a0<\/p>\n<p><strong><a href=\"https:\/\/1918local.eu\/predstavljanje-medunarodnog-projekta-negotiating-post-imperial-transitions\/\">Predstavljanje me\u0111unarodnog projekta \u201cNegotiating Post-Imperial Transitions\u201d<\/a><\/strong><br \/><strong>Presentation of the ERC-Project NEPOSTRANS<\/strong><\/p>\n<p>Zagreb<br \/>14 June 2019<\/p>\n<p>\u00a0<\/p>\n<p><a href=\"https:\/\/1918local.eu\/negotiating-post-imperial-transitions-from-remobilization-to-nation-state-consolidation-state-and-society-in-post-habsburg-regions\/\"><strong>Negotiating post-imperial transitions: from remobilization to nation-state consolidation. State and Society in post Habsburg regions<\/strong><\/a><br \/><strong>Presentation of the ERC-Project NEPOSTRANS<\/strong><\/p>\n<p>Wien<br \/>8 May 2019<\/p>\n<p><span style=\"color: #ffffff;\">&#8211;<\/span><\/p>\n\n\n<p><\/p>\n","protected":false},"excerpt":{"rendered":"<p>. 2022 . 20-23 June 2022 \/ Uppsala, SwedenRural History 2021 ConferenceOrganizers: European Rural History Organisation (EURHO) Participants: Ivan Jeli\u010di\u0107, Jernej Kosi, Christopher Wendt . 2021 . 27 March 2021 \/ LeidenBorder Making and its Consequences after the First World War: the Habsburg CaseESSHC conference (online) G\u00e1bor Egry: Unruly Borderlands: Border-making, Post-imperial Spatial Reconfiguration, (Cumulative) [&hellip;]<\/p>\n","protected":false},"author":1,"featured_media":0,"parent":0,"menu_order":0,"comment_status":"closed","ping_status":"closed","template":"","meta":{"_genesis_hide_title":false,"_genesis_hide_breadcrumbs":false,"_genesis_hide_singular_image":false,"_genesis_hide_footer_widgets":false,"_genesis_custom_body_class":"","_genesis_custom_post_class":"","_genesis_layout":""},"_links":{"self":[{"href":"https:\/\/1918local.eu\/sr-sp\/wp-json\/wp\/v2\/pages\/426"}],"collection":[{"href":"https:\/\/1918local.eu\/sr-sp\/wp-json\/wp\/v2\/pages"}],"about":[{"href":"https:\/\/1918local.eu\/sr-sp\/wp-json\/wp\/v2\/types\/page"}],"author":[{"embeddable":true,"href":"https:\/\/1918local.eu\/sr-sp\/wp-json\/wp\/v2\/users\/1"}],"replies":[{"embeddable":true,"href":"https:\/\/1918local.eu\/sr-sp\/wp-json\/wp\/v2\/comments?post=426"}],"version-history":[{"count":35,"href":"https:\/\/1918local.eu\/sr-sp\/wp-json\/wp\/v2\/pages\/426\/revisions"}],"predecessor-version":[{"id":1692,"href":"https:\/\/1918local.eu\/sr-sp\/wp-json\/wp\/v2\/pages\/426\/revisions\/1692"}],"wp:attachment":[{"href":"https:\/\/1918local.eu\/sr-sp\/wp-json\/wp\/v2\/media?parent=426"}],"curies":[{"name":"wp","href":"https:\/\/api.w.org\/{rel}","templated":true}]}}