{"id":432,"date":"2018-10-26T13:30:47","date_gmt":"2018-10-26T13:30:47","guid":{"rendered":"http:\/\/1918local.eu\/?page_id=432"},"modified":"2022-09-27T21:11:46","modified_gmt":"2022-09-27T21:11:46","slug":"journals","status":"publish","type":"page","link":"https:\/\/1918local.eu\/sr-sp\/journals\/","title":{"rendered":"Publications in Journals"},"content":{"rendered":"<h2><strong>2022<\/strong><\/h2>\n<p>&nbsp;<\/p>\n<p><strong>K\u00e1roly Ign\u00e1cz:<\/strong> <a href=\"https:\/\/1918local.eu\/wp-content\/uploads\/2022\/09\/ignacz_bbc_hist_2022_3.pdf\" target=\"_blank\" rel=\"noopener\">Don\u00e1th Ferenc \u00e9s a n\u00e9pi mozgalom<\/a><br \/>\n<em>BBC History, 2022. m\u00e1rcius. 32\u201335.<\/em><\/p>\n<p>&nbsp;<\/p>\n<h2><strong>2021<\/strong><\/h2>\n<p>&nbsp;<\/p>\n<p><strong>Christopher Wendt: <\/strong><a href=\"https:\/\/www.tandfonline.com\/doi\/abs\/10.1080\/14608944.2020.1810651?journalCode=cnid20\" target=\"_blank\" rel=\"noopener\">Formulating Germanness in the Banat: \u2018Minority making\u2019 among the Swabians from Dualist Hungary to interwar Romania<\/a><br \/>\n<em>National Identities 23, no. 4 (March 2021): 325-347.<\/em><\/p>\n<p>&nbsp;<\/p>\n<p><strong>Ivan Jeli\u010di\u0107:<\/strong> <a href=\"https:\/\/www.academia.edu\/70867731\/Prilozi_za_biografiju_Konstantina_Roj%C4%8Devi%C4%87a\" target=\"_blank\" rel=\"noopener\">Prilozi za biografiju Konstantina Roj\u010devi\u0107a<\/a><br \/>\n<em>Artefakti: izvori za historiju Srba u Hrvatskoj,\u00a0 br. 18, 2021, 11-24.<\/em><\/p>\n<p>&nbsp;<\/p>\n<p><strong>K\u00e1roly Ign\u00e1cz:<\/strong> <a href=\"http:\/\/www.multunk.hu\/wp-content\/uploads\/2021\/09\/ignaczk_21_1.pdf\" target=\"_blank\" rel=\"noopener\">A bethleni k\u00e9tharmad \u2013 v\u00e1laszt\u00e1si t\u00f6rv\u00e9nytelens\u00e9g \u00e9s ar\u00e1nytalans\u00e1g r\u00e9v\u00e9n<\/a><br \/>\n<em>M\u00faltunk, 66\/1. (2021) 210\u2013222.<\/em><\/p>\n<p>&nbsp;<\/p>\n<p><strong>S\u00e9gol\u00e9ne Plyer: <\/strong><a href=\"https:\/\/arche.unistra.fr\/productions\/sources-arts-civilisation-et-histoire-de-leurope\">L&#8217;internationalisation des industriels liniers en Boh\u00eame du XIXe si\u00e8cle \u00e0 la Premi\u00e8re Guerre mondiale. Deux documents in\u00e9dits<\/a><br \/>\n<em>Source(s). Art, civilisation et histoire de l\u2019Europe (2021\/17) pp. 141-190.<\/em><\/p>\n<p>&nbsp;<\/p>\n<p><strong>G\u00e1bor Egry, Anik\u00f3-Borb\u00e1la Izs\u00e1k: <\/strong><a href=\"http:\/\/real-j.mtak.hu\/16514\/6\/szazadok_2021_01.pdf#page=37\">A v\u00e1rosi hitelek \u00e9s az imp\u00e9riumv\u00e1lt\u00e1s. B\u00e1ns\u00e1gi \u00e9s szatm\u00e1ri<\/a><a href=\"http:\/\/real-j.mtak.hu\/16514\/6\/szazadok_2021_01.pdf#page=37\"> p\u00e9ld\u00e1k<\/a><br \/>\n<em>Sz\u00e1zadok (155 2021\/1.) pp. 37-68.<\/em><\/p>\n<p>&nbsp;<\/p>\n<p><strong>Ivan Jeli\u010di\u0107:<\/strong> <a href=\"https:\/\/hrcak.srce.hr\/267511\" target=\"_blank\" rel=\"noopener\">Prilog o vi\u0161ejezi\u010dnosti socijalista u kasno habsbur\u0161koj Rijeci: opaske o Samueleu Mayl\u00e4nderu<\/a><br \/>\n<em>Vjesnik Istarskog arhiva, Vol. 28, 2021, 161-180.<\/em><\/p>\n<p>&nbsp;<\/p>\n<p><strong>Jernej Kosi:<\/strong> <a href=\"https:\/\/www.dlib.si\/details\/URN:NBN:SI:DOC-B41A298J\/?query=%27keywords%3dPoslovanje%27&#038;pageSize=25&#038;flocation=Zgodovinsko+dru%c5%a1tvo+Celje\" target=\"_blank\" rel=\"noopener\">\u2018Razmere se bistveno razlikujejo od onih v ostali Sloveniji\u2019: prekmurski gerenti in ob\u010dinsko poslovanje v Prekmurju (1919-1927)<\/a><br \/>\n<em>Zgodovina za vse<\/em>, 28(2), pp.106\u2013123.<\/p>\n<p>&nbsp;<\/p>\n<p><strong>Ivan Jeli\u010di\u0107:<\/strong> <a href=\"https:\/\/www.degruyter.com\/document\/doi\/10.1515\/sofo-2020-790108\/html\" target=\"_blank\" rel=\"noopener\">To Ensure Normal Administrative Order, and for the Population\u2019s Greater Comfort? Aspects of Post-war Transition in the Political District of Volosca-Abbazia\/Volosko-Opatija<\/a><br \/>\n<em>S\u00fcdost-Forschungen, Band 29\/2020, Mai 2021, 93-123.<\/em><\/p>\n<p>&nbsp;<\/p>\n<h2><strong>2020<\/strong><\/h2>\n<p>&nbsp;<\/p>\n<p><strong>S\u00e9gol\u00e8ne Plyer, prof. Sylvain Schirmann:<\/strong> <a href=\"https:\/\/journals.openedition.org\/allemagne\/index.html\" target=\"_blank\" rel=\"noopener\">Les trait\u00e9s de paix en Europe centrale: quels potentiels pour quelles r\u00e9alisations?<\/a><br \/>\n<em>Revue d\u2019Allemagne, t. 52, n\u00b0 2, 2020, p. 259-380. (Special issue.)<\/em><\/p>\n<p>&nbsp;<\/p>\n<p><strong>Ivan Jeli\u010di\u0107:<\/strong> <a href=\"https:\/\/www.academia.edu\/43628921\/La_parabola_del_socialismo_adriatico\" target=\"_blank\" rel=\"noopener\">La parabola del socialismo adriatico<\/a><br \/>\n<em>Qualestoria, N. 1, giugno 2020, 169-176.<\/em><\/p>\n<p>&nbsp;<\/p>\n<p><strong>Elisabeth Haid, Jernej Kosi:<\/strong> <a href=\"http:\/\/real.mtak.hu\/144246\/1\/SOF79-02-Haid_01_EH_30_4_21_Real.pdf\" target=\"_blank\" rel=\"noopener\">State-Building and Democratization on the Fringes of Interwar Poland and Yugoslavia: Prekmurje and Eastern Galicia from Empire to Nation-State<\/a><strong><br \/>\n<\/strong><em>S\u00fcdost-Forschungen 79 (2020), S. 32\u201370.<\/em><\/p>\n<p>&nbsp;<\/p>\n<p><strong>Dominique Reill, Ivan Jeli\u010di\u0107, Francesca Rolandi:<\/strong> <a href=\"http:\/\/real.mtak.hu\/144495\/\" target=\"_blank\" rel=\"noopener\">Redefining Citizenship after Empire: The Rights to Welfare, to Work, and to Remain in a Post-Habsburg World<\/a><br \/>\n<em>The Journal of Modern History, Vol. 94, No. 2, June 2022, 326-362.<\/em><\/p>\n<p>&nbsp;<\/p>\n<p><strong>K\u00e1roly Ign\u00e1cz:<\/strong> <a href=\"https:\/\/epa.oszk.hu\/03300\/03328\/00042\/pdf\/EPA03328_szazadok_2020_06_1317-1330.pdf\" target=\"_blank\" rel=\"noopener\">Mennyiben ismerhet\u0151 meg az egy\u00e9n v\u00e1laszt\u00f3i magatart\u00e1sa?<\/a> <br \/>\n<em>Sz\u00e1zadok, 154. (2020) 6. sz\u00e1m, 1317\u20131330.<\/em><\/p>\n<p>&nbsp;<\/p>\n<p><strong>Jernej Kosi: <\/strong><a href=\"http:\/\/www.hunghist.org\/archive\/83-articles\/610-2020-1-kosi\">Summer of 1919: A Radical, Irreversible, Liberating Break in Prekmurje\/Muravid\u00e9k?<\/a><strong><br \/>\n<\/strong><em>Hungarian Historical Review (9\/2020) pp. 51-68.<\/em><\/p>\n<p>&nbsp;<\/p>\n<p><strong>S\u00e9gol\u00e8ne Plyer: <\/strong><a href=\"https:\/\/univoak.eu\/islandora\/object\/islandora:117977\" target=\"_blank\" rel=\"noopener\">L&#8217;internationalisation des industriels liniers en Boh\u00eame du XIXe si\u00e8cle \u00e0 la Premi\u00e8re Guerre mondiale. Deux documents in\u00e9dits<\/a><br \/>\n<em>Source(s). Art, civilisation et histoire de l\u2019Europe, n\u00b0 17 (Special issue : Borders and Borderlands), 2020, p. 145-194.<\/em><\/p>\n<p>&nbsp;<\/p>\n<p><strong>G\u00e1bor Egry: <\/strong><a href=\"http:\/\/real.mtak.hu\/120026\/1\/RA-52_2-Egry%20repository%20version.pdf\">De l\u2019ethnicisation de la nationalit\u00e9 \u00e0 l\u2019indig\u00e9nat transnational: migration, citoyennet\u00e9, paix de Trianon<\/a><strong><br \/>\n<\/strong><em>Revue d\u2019Allemagne et des pays de langue allemande (52\/2 2020) pp. 341-363.<\/em><\/p>\n<p>&nbsp;<\/p>\n<p><strong>Ivan Jeli\u010di\u0107:<\/strong> <a href=\"https:\/\/spiegelungen.net\/remembering-world-war-one-rijeka\">Is there Space for Remembering Habsburg World War One in Rijeka? Considerations on the Monument to the Heroic Sailor in Su\u0161ak<\/a><strong><br \/>\n<\/strong><em>Spiegelungen &#8211; Zeitschrift f\u00fcr deutsche Kultur und Geschichte S\u00fcdosteuropas (15. 2020\/1) pp. 111-121.<\/em><\/p>\n<p>&nbsp;<\/p>\n<p><strong>\u00c1gnes Ordasi: <\/strong><a href=\"https:\/\/www.openstarts.units.it\/bitstream\/10077\/31064\/3\/06-Ordasi.pdf\">\u201cSnakes and ladders\u201d? The condition of the representatives of the Hungarian State power after the WWI<\/a><strong><br \/>\n<\/strong><em>Qualestoria. Rivista di storia contemporanea (2020 48\/2) pp. 93-112.<\/em><\/p>\n<p>&nbsp;<\/p>\n<p><strong>Ivan Jeli\u010di\u0107: <\/strong><a href=\"https:\/\/www.openstarts.units.it\/bitstream\/10077\/31063\/3\/05-Jelicic.pdf\">Republic with whom? The Fiume socialist movement and the Sisa affaire in Fiume\u2019s post-Habsburg setting<\/a><strong><br \/>\n<\/strong><em>Qualestoria. Rivista di storia contemporanea (2020 48\/2) pp. 73-93.<\/em><\/p>\n<p>&nbsp;<\/p>\n<p><strong>Elisabeth Haid: <\/strong><a href=\"https:\/\/www.zfo-online.de\/portal\/index.php\/zfo\/article\/view\/10726\/10730\">W\u0142odzimierz Borodziej, Maciej G\u00f3rny: Der vergessene Weltkrieg. Europas Osten 1912-1923. 2 Bde. \u00dcbers. von Bernhard Hartmann<\/a><strong><br \/>\n<\/strong><em>Zeitschrift f\u00fcr Ostmitteleuropa-Forschung, Bd. 69 Nr. 1 (2020) pp. 134-136.<\/em><\/p>\n<p>&nbsp;<\/p>\n<p><strong>G\u00e1bor Egry: <\/strong><a href=\"https:\/\/www.tandfonline.com\/doi\/abs\/10.1080\/13507486.2020.1747403\">Unruly borderlands: border-making, peripheralization and layered regionalism in post-First World War Maramure\u0219 and the Banat<\/a><strong><br \/>\n<\/strong><em>European Review of History\/Revue Europ\u00e9enne d&#8217;Historie, 27 (2020) 6. pp. 709-731.<\/em><\/p>\n<p>&nbsp;<\/p>\n<p>&nbsp;<\/p>\n<h2><strong>2019<\/strong><\/h2>\n<p>&nbsp;<\/p>\n<p><strong>G\u00e1bor Egry:<\/strong> <a href=\"http:\/\/real.mtak.hu\/116302\/\">Made in Paris? Contested Regions and Political Regionalism during and after Peacemaking: Sz\u00e9kelyf\u00f6ld and Banat in a Comparative Perspective<\/a><strong><br \/>\n<\/strong><em>Journal of Romanian Studies (2\/2019), pp. 65-88.<\/em><\/p>\n<p>&nbsp;<\/p>\n<p>&nbsp;<\/p>\n<h2><strong>2018<\/strong><\/h2>\n<p>&nbsp;<\/p>\n<p><strong>Elisabeth Haid: <\/strong><a href=\"http:\/\/real.mtak.hu\/id\/eprint\/116304\">Die \u201epolnische Frage\u201c im Umbruch? Innenpolitische Debatten im Deutschen Reich und in \u00d6sterreich-Ungarn in den Jahren 1917\/18<\/a><strong><br \/>\n<\/strong><em>Nordost-Archiv (XXVII 2018) pp. 193\u2013212.<\/em><\/p>\n<p>&nbsp;<\/p>\n<p><strong>\u00a0<\/strong><\/p>\n","protected":false},"excerpt":{"rendered":"<p>2022 &nbsp; K\u00e1roly Ign\u00e1cz: Don\u00e1th Ferenc \u00e9s a n\u00e9pi mozgalom BBC History, 2022. m\u00e1rcius. 32\u201335. &nbsp; 2021 &nbsp; Christopher Wendt: Formulating Germanness in the Banat: \u2018Minority making\u2019 among the Swabians from Dualist Hungary to interwar Romania National Identities 23, no. 4 (March 2021): 325-347. &nbsp; Ivan Jeli\u010di\u0107: Prilozi za biografiju Konstantina Roj\u010devi\u0107a Artefakti: izvori za [&hellip;]<\/p>\n","protected":false},"author":1,"featured_media":0,"parent":0,"menu_order":0,"comment_status":"closed","ping_status":"closed","template":"","meta":{"_genesis_hide_title":false,"_genesis_hide_breadcrumbs":false,"_genesis_hide_singular_image":false,"_genesis_hide_footer_widgets":false,"_genesis_custom_body_class":"","_genesis_custom_post_class":"","_genesis_layout":""},"_links":{"self":[{"href":"https:\/\/1918local.eu\/sr-sp\/wp-json\/wp\/v2\/pages\/432"}],"collection":[{"href":"https:\/\/1918local.eu\/sr-sp\/wp-json\/wp\/v2\/pages"}],"about":[{"href":"https:\/\/1918local.eu\/sr-sp\/wp-json\/wp\/v2\/types\/page"}],"author":[{"embeddable":true,"href":"https:\/\/1918local.eu\/sr-sp\/wp-json\/wp\/v2\/users\/1"}],"replies":[{"embeddable":true,"href":"https:\/\/1918local.eu\/sr-sp\/wp-json\/wp\/v2\/comments?post=432"}],"version-history":[{"count":21,"href":"https:\/\/1918local.eu\/sr-sp\/wp-json\/wp\/v2\/pages\/432\/revisions"}],"predecessor-version":[{"id":1683,"href":"https:\/\/1918local.eu\/sr-sp\/wp-json\/wp\/v2\/pages\/432\/revisions\/1683"}],"wp:attachment":[{"href":"https:\/\/1918local.eu\/sr-sp\/wp-json\/wp\/v2\/media?parent=432"}],"curies":[{"name":"wp","href":"https:\/\/api.w.org\/{rel}","templated":true}]}}